{"id":34895,"date":"2025-12-09T09:05:58","date_gmt":"2025-12-09T08:05:58","guid":{"rendered":"https:\/\/www.bouquetdalella.com\/?post_type=product&#038;p=34895"},"modified":"2026-02-25T16:54:27","modified_gmt":"2026-02-25T15:54:27","slug":"bouchees-dhiver","status":"publish","type":"product","link":"https:\/\/www.bouquetdalella.com\/fr\/produit\/bouchees-dhiver\/","title":{"rendered":"Bouch\u00e9es d\u2019hiver"},"content":{"rendered":"\t\t<div data-elementor-type=\"product-post\" data-elementor-id=\"34895\" class=\"elementor elementor-34895 elementor-34892\" data-elementor-post-type=\"product\">\n\t\t\t\t\t\t<section class=\"elementor-section elementor-top-section elementor-element elementor-element-70025297 elementor-section-boxed elementor-section-height-default elementor-section-height-default\" data-id=\"70025297\" data-element_type=\"section\" data-e-type=\"section\">\n\t\t\t\t\t\t<div class=\"elementor-container elementor-column-gap-default\">\n\t\t\t\t\t<div class=\"elementor-column elementor-col-100 elementor-top-column elementor-element elementor-element-1d956c3d\" data-id=\"1d956c3d\" data-element_type=\"column\" data-e-type=\"column\">\n\t\t\t<div class=\"elementor-widget-wrap elementor-element-populated\">\n\t\t\t\t\t\t\t<\/div>\n\t\t<\/div>\n\t\t\t\t\t<\/div>\n\t\t<\/section>\n\t\t\t\t<\/div>\n\t\t","protected":false},"excerpt":{"rendered":"<p><span style=\"font-weight: 400;\">En ces jours d\u2019hiver, venez profiter d\u2019une d\u00e9gustation o\u00f9 nous associons nos vins \u00e0 des propositions gastronomiques originales. D\u00e9couvrez notre territoire d\u2019une mani\u00e8re diff\u00e9rente.<\/span><span style=\"font-weight: 400;\"><br \/>\n<\/span><span style=\"font-weight: 400;\">Notre proposition inclut la d\u00e9gustation de 2 vins + 2 petites assiettes:<\/span><\/p>\n<p><b>Bouquet d\u2019Alella Pansa Blanca 2024 + Mini fondue au fromage.<\/b><span style=\"font-weight: 400;\"> Fondue traditionnelle infus\u00e9e au vin blanc Bouquet d\u2019Alella. Servie avec du pain et des l\u00e9gumes de saison et de proximit\u00e9 tels que broccolini, asperges, chou-fleur ou pommes de terre nouvelles.<\/span><\/p>\n<p><b>Bouquet d\u2019Alella Syrah 2023 + Mini fondue au chocolat.<\/b><span style=\"font-weight: 400;\"> Accompagn\u00e9e de fraises du Maresme, de g\u00e9noise maison et de meringues croustillantes \u00e9labor\u00e9es avec les \u0153ufs de notre ferme.<\/span><\/p>\n<p><b>Dates :<\/b><span style=\"font-weight: 400;\"> 8 f\u00e9vrier et 22 f\u00e9vrier<\/span><span style=\"font-weight: 400;\"><br \/>\n<\/span><b>Heure :<\/b><span style=\"font-weight: 400;\"> 12 h<\/span><span style=\"font-weight: 400;\"><br \/>\n<\/span><b>Dur\u00e9e :<\/b><span style=\"font-weight: 400;\"> 1 h<\/span><span style=\"font-weight: 400;\"><br \/>\n<\/span><b>Prix :<\/b><span style=\"font-weight: 400;\"> 35 \u20ac<\/span><\/p>\n<p>&nbsp;<br \/>\n[fareharbor shortname=\"bouquetdalella\" fallback=\"simple\" full_items=\"yes\" flow=\"1393187\" items=\"686538\" type=\"responsive\" language=\"fr\"]<\/p>\n","protected":false},"featured_media":34916,"template":"","meta":[],"product_brand":[],"product_cat":[363],"product_tag":[390],"class_list":{"0":"post-34895","1":"product","2":"type-product","3":"status-publish","4":"has-post-thumbnail","6":"product_cat-reservable","7":"product_tag-fareharbor-fr","9":"first","10":"outofstock","11":"featured","12":"virtual","13":"taxable","14":"purchasable","15":"product-type-simple"},"yoast_head":"<!-- This site is optimized with the Yoast SEO plugin v27.5 - https:\/\/yoast.com\/product\/yoast-seo-wordpress\/ -->\n<title>Bouch\u00e9es d\u2019hiver - Bouquet d&#039;Alella<\/title>\n<meta name=\"description\" content=\"En ces jours d\u2019hiver, venez profiter d\u2019une d\u00e9gustation o\u00f9 nous associons nos vins \u00e0 des propositions gastronomiques originales. D\u00e9couvrez notre territoire d\u2019une mani\u00e8re diff\u00e9rente.\" \/>\n<meta name=\"robots\" content=\"index, follow, max-snippet:-1, max-image-preview:large, max-video-preview:-1\" \/>\n<link rel=\"canonical\" href=\"https:\/\/www.bouquetdalella.com\/fr\/produit\/bouchees-dhiver\/\" \/>\n<meta property=\"og:locale\" content=\"fr_FR\" \/>\n<meta property=\"og:type\" content=\"article\" \/>\n<meta property=\"og:title\" content=\"Bouch\u00e9es d\u2019hiver - Bouquet d&#039;Alella\" \/>\n<meta property=\"og:description\" content=\"En ces jours d\u2019hiver, venez profiter d\u2019une d\u00e9gustation o\u00f9 nous associons nos vins \u00e0 des propositions gastronomiques originales. D\u00e9couvrez notre territoire d\u2019une mani\u00e8re diff\u00e9rente.\" \/>\n<meta property=\"og:url\" content=\"https:\/\/www.bouquetdalella.com\/fr\/produit\/bouchees-dhiver\/\" \/>\n<meta property=\"og:site_name\" content=\"Bouquet d&#039;Alella\" \/>\n<meta property=\"article:modified_time\" content=\"2026-02-25T15:54:27+00:00\" \/>\n<meta property=\"og:image\" content=\"https:\/\/www.bouquetdalella.com\/wp-content\/uploads\/2025\/12\/Tastets-6.webp\" \/>\n\t<meta property=\"og:image:width\" content=\"1200\" \/>\n\t<meta property=\"og:image:height\" content=\"1600\" \/>\n\t<meta property=\"og:image:type\" content=\"image\/webp\" \/>\n<meta name=\"twitter:card\" content=\"summary_large_image\" \/>\n<meta name=\"twitter:label1\" content=\"Dur\u00e9e de lecture estim\u00e9e\" \/>\n\t<meta name=\"twitter:data1\" content=\"1 minute\" \/>\n<script type=\"application\/ld+json\" class=\"yoast-schema-graph\">{\"@context\":\"https:\\\/\\\/schema.org\",\"@graph\":[{\"@type\":\"WebPage\",\"@id\":\"https:\\\/\\\/www.bouquetdalella.com\\\/fr\\\/produit\\\/bouchees-dhiver\\\/\",\"url\":\"https:\\\/\\\/www.bouquetdalella.com\\\/fr\\\/produit\\\/bouchees-dhiver\\\/\",\"name\":\"Bouch\u00e9es d\u2019hiver - Bouquet d&#039;Alella\",\"isPartOf\":{\"@id\":\"https:\\\/\\\/www.bouquetdalella.com\\\/fr\\\/#website\"},\"primaryImageOfPage\":{\"@id\":\"https:\\\/\\\/www.bouquetdalella.com\\\/fr\\\/produit\\\/bouchees-dhiver\\\/#primaryimage\"},\"image\":{\"@id\":\"https:\\\/\\\/www.bouquetdalella.com\\\/fr\\\/produit\\\/bouchees-dhiver\\\/#primaryimage\"},\"thumbnailUrl\":\"https:\\\/\\\/www.bouquetdalella.com\\\/wp-content\\\/uploads\\\/2025\\\/12\\\/Tastets-6.webp\",\"datePublished\":\"2025-12-09T08:05:58+00:00\",\"dateModified\":\"2026-02-25T15:54:27+00:00\",\"description\":\"En ces jours d\u2019hiver, venez profiter d\u2019une d\u00e9gustation o\u00f9 nous associons nos vins \u00e0 des propositions gastronomiques originales. D\u00e9couvrez notre territoire d\u2019une mani\u00e8re diff\u00e9rente.\",\"breadcrumb\":{\"@id\":\"https:\\\/\\\/www.bouquetdalella.com\\\/fr\\\/produit\\\/bouchees-dhiver\\\/#breadcrumb\"},\"inLanguage\":\"fr-FR\",\"potentialAction\":[{\"@type\":\"ReadAction\",\"target\":[\"https:\\\/\\\/www.bouquetdalella.com\\\/fr\\\/produit\\\/bouchees-dhiver\\\/\"]}]},{\"@type\":\"ImageObject\",\"inLanguage\":\"fr-FR\",\"@id\":\"https:\\\/\\\/www.bouquetdalella.com\\\/fr\\\/produit\\\/bouchees-dhiver\\\/#primaryimage\",\"url\":\"https:\\\/\\\/www.bouquetdalella.com\\\/wp-content\\\/uploads\\\/2025\\\/12\\\/Tastets-6.webp\",\"contentUrl\":\"https:\\\/\\\/www.bouquetdalella.com\\\/wp-content\\\/uploads\\\/2025\\\/12\\\/Tastets-6.webp\",\"width\":1200,\"height\":1600},{\"@type\":\"BreadcrumbList\",\"@id\":\"https:\\\/\\\/www.bouquetdalella.com\\\/fr\\\/produit\\\/bouchees-dhiver\\\/#breadcrumb\",\"itemListElement\":[{\"@type\":\"ListItem\",\"position\":1,\"name\":\"Inici\",\"item\":\"https:\\\/\\\/www.bouquetdalella.com\\\/fr\\\/\"},{\"@type\":\"ListItem\",\"position\":2,\"name\":\"Boutique\",\"item\":\"https:\\\/\\\/www.bouquetdalella.com\\\/fr\\\/boutique\\\/\"},{\"@type\":\"ListItem\",\"position\":3,\"name\":\"Bouch\u00e9es d\u2019hiver\"}]},{\"@type\":\"WebSite\",\"@id\":\"https:\\\/\\\/www.bouquetdalella.com\\\/fr\\\/#website\",\"url\":\"https:\\\/\\\/www.bouquetdalella.com\\\/fr\\\/\",\"name\":\"Bouquet d&#039;Alella\",\"description\":\"El Celler Bouquet d\u2019Alella neix amb la clara intenci\u00f3 d\u2019explotar dues vessants diferents per\u00f2 complement\u00e0ries en el mon del vi. Per una banda, la producci\u00f3n i venda de vins ecol\u00f2gics de qualitat i per l\u2019altra la promoci\u00f3 de l\u2019enoturisme.\",\"publisher\":{\"@id\":\"https:\\\/\\\/www.bouquetdalella.com\\\/fr\\\/#organization\"},\"potentialAction\":[{\"@type\":\"SearchAction\",\"target\":{\"@type\":\"EntryPoint\",\"urlTemplate\":\"https:\\\/\\\/www.bouquetdalella.com\\\/fr\\\/?s={search_term_string}\"},\"query-input\":{\"@type\":\"PropertyValueSpecification\",\"valueRequired\":true,\"valueName\":\"search_term_string\"}}],\"inLanguage\":\"fr-FR\"},{\"@type\":\"Organization\",\"@id\":\"https:\\\/\\\/www.bouquetdalella.com\\\/fr\\\/#organization\",\"name\":\"Bouquet d&#039;Alella\",\"url\":\"https:\\\/\\\/www.bouquetdalella.com\\\/fr\\\/\",\"logo\":{\"@type\":\"ImageObject\",\"inLanguage\":\"fr-FR\",\"@id\":\"https:\\\/\\\/www.bouquetdalella.com\\\/fr\\\/#\\\/schema\\\/logo\\\/image\\\/\",\"url\":\"https:\\\/\\\/www.bouquetdalella.com\\\/wp-content\\\/uploads\\\/2023\\\/04\\\/cropped-cropped-cropped-logo_bouquet_d_alella-2-300x53-1.png\",\"contentUrl\":\"https:\\\/\\\/www.bouquetdalella.com\\\/wp-content\\\/uploads\\\/2023\\\/04\\\/cropped-cropped-cropped-logo_bouquet_d_alella-2-300x53-1.png\",\"width\":300,\"height\":52,\"caption\":\"Bouquet d&#039;Alella\"},\"image\":{\"@id\":\"https:\\\/\\\/www.bouquetdalella.com\\\/fr\\\/#\\\/schema\\\/logo\\\/image\\\/\"}}]}<\/script>\n<!-- \/ Yoast SEO plugin. -->","yoast_head_json":{"title":"Bouch\u00e9es d\u2019hiver - Bouquet d&#039;Alella","description":"En ces jours d\u2019hiver, venez profiter d\u2019une d\u00e9gustation o\u00f9 nous associons nos vins \u00e0 des propositions gastronomiques originales. D\u00e9couvrez notre territoire d\u2019une mani\u00e8re diff\u00e9rente.","robots":{"index":"index","follow":"follow","max-snippet":"max-snippet:-1","max-image-preview":"max-image-preview:large","max-video-preview":"max-video-preview:-1"},"canonical":"https:\/\/www.bouquetdalella.com\/fr\/produit\/bouchees-dhiver\/","og_locale":"fr_FR","og_type":"article","og_title":"Bouch\u00e9es d\u2019hiver - Bouquet d&#039;Alella","og_description":"En ces jours d\u2019hiver, venez profiter d\u2019une d\u00e9gustation o\u00f9 nous associons nos vins \u00e0 des propositions gastronomiques originales. D\u00e9couvrez notre territoire d\u2019une mani\u00e8re diff\u00e9rente.","og_url":"https:\/\/www.bouquetdalella.com\/fr\/produit\/bouchees-dhiver\/","og_site_name":"Bouquet d&#039;Alella","article_modified_time":"2026-02-25T15:54:27+00:00","og_image":[{"width":1200,"height":1600,"url":"https:\/\/www.bouquetdalella.com\/wp-content\/uploads\/2025\/12\/Tastets-6.webp","type":"image\/webp"}],"twitter_card":"summary_large_image","twitter_misc":{"Dur\u00e9e de lecture estim\u00e9e":"1 minute"},"schema":{"@context":"https:\/\/schema.org","@graph":[{"@type":"WebPage","@id":"https:\/\/www.bouquetdalella.com\/fr\/produit\/bouchees-dhiver\/","url":"https:\/\/www.bouquetdalella.com\/fr\/produit\/bouchees-dhiver\/","name":"Bouch\u00e9es d\u2019hiver - Bouquet d&#039;Alella","isPartOf":{"@id":"https:\/\/www.bouquetdalella.com\/fr\/#website"},"primaryImageOfPage":{"@id":"https:\/\/www.bouquetdalella.com\/fr\/produit\/bouchees-dhiver\/#primaryimage"},"image":{"@id":"https:\/\/www.bouquetdalella.com\/fr\/produit\/bouchees-dhiver\/#primaryimage"},"thumbnailUrl":"https:\/\/www.bouquetdalella.com\/wp-content\/uploads\/2025\/12\/Tastets-6.webp","datePublished":"2025-12-09T08:05:58+00:00","dateModified":"2026-02-25T15:54:27+00:00","description":"En ces jours d\u2019hiver, venez profiter d\u2019une d\u00e9gustation o\u00f9 nous associons nos vins \u00e0 des propositions gastronomiques originales. D\u00e9couvrez notre territoire d\u2019une mani\u00e8re diff\u00e9rente.","breadcrumb":{"@id":"https:\/\/www.bouquetdalella.com\/fr\/produit\/bouchees-dhiver\/#breadcrumb"},"inLanguage":"fr-FR","potentialAction":[{"@type":"ReadAction","target":["https:\/\/www.bouquetdalella.com\/fr\/produit\/bouchees-dhiver\/"]}]},{"@type":"ImageObject","inLanguage":"fr-FR","@id":"https:\/\/www.bouquetdalella.com\/fr\/produit\/bouchees-dhiver\/#primaryimage","url":"https:\/\/www.bouquetdalella.com\/wp-content\/uploads\/2025\/12\/Tastets-6.webp","contentUrl":"https:\/\/www.bouquetdalella.com\/wp-content\/uploads\/2025\/12\/Tastets-6.webp","width":1200,"height":1600},{"@type":"BreadcrumbList","@id":"https:\/\/www.bouquetdalella.com\/fr\/produit\/bouchees-dhiver\/#breadcrumb","itemListElement":[{"@type":"ListItem","position":1,"name":"Inici","item":"https:\/\/www.bouquetdalella.com\/fr\/"},{"@type":"ListItem","position":2,"name":"Boutique","item":"https:\/\/www.bouquetdalella.com\/fr\/boutique\/"},{"@type":"ListItem","position":3,"name":"Bouch\u00e9es d\u2019hiver"}]},{"@type":"WebSite","@id":"https:\/\/www.bouquetdalella.com\/fr\/#website","url":"https:\/\/www.bouquetdalella.com\/fr\/","name":"Bouquet d&#039;Alella","description":"El Celler Bouquet d\u2019Alella neix amb la clara intenci\u00f3 d\u2019explotar dues vessants diferents per\u00f2 complement\u00e0ries en el mon del vi. Per una banda, la producci\u00f3n i venda de vins ecol\u00f2gics de qualitat i per l\u2019altra la promoci\u00f3 de l\u2019enoturisme.","publisher":{"@id":"https:\/\/www.bouquetdalella.com\/fr\/#organization"},"potentialAction":[{"@type":"SearchAction","target":{"@type":"EntryPoint","urlTemplate":"https:\/\/www.bouquetdalella.com\/fr\/?s={search_term_string}"},"query-input":{"@type":"PropertyValueSpecification","valueRequired":true,"valueName":"search_term_string"}}],"inLanguage":"fr-FR"},{"@type":"Organization","@id":"https:\/\/www.bouquetdalella.com\/fr\/#organization","name":"Bouquet d&#039;Alella","url":"https:\/\/www.bouquetdalella.com\/fr\/","logo":{"@type":"ImageObject","inLanguage":"fr-FR","@id":"https:\/\/www.bouquetdalella.com\/fr\/#\/schema\/logo\/image\/","url":"https:\/\/www.bouquetdalella.com\/wp-content\/uploads\/2023\/04\/cropped-cropped-cropped-logo_bouquet_d_alella-2-300x53-1.png","contentUrl":"https:\/\/www.bouquetdalella.com\/wp-content\/uploads\/2023\/04\/cropped-cropped-cropped-logo_bouquet_d_alella-2-300x53-1.png","width":300,"height":52,"caption":"Bouquet d&#039;Alella"},"image":{"@id":"https:\/\/www.bouquetdalella.com\/fr\/#\/schema\/logo\/image\/"}}]}},"_links":{"self":[{"href":"https:\/\/www.bouquetdalella.com\/fr\/wp-json\/wp\/v2\/product\/34895","targetHints":{"allow":["GET"]}}],"collection":[{"href":"https:\/\/www.bouquetdalella.com\/fr\/wp-json\/wp\/v2\/product"}],"about":[{"href":"https:\/\/www.bouquetdalella.com\/fr\/wp-json\/wp\/v2\/types\/product"}],"version-history":[{"count":2,"href":"https:\/\/www.bouquetdalella.com\/fr\/wp-json\/wp\/v2\/product\/34895\/revisions"}],"predecessor-version":[{"id":36277,"href":"https:\/\/www.bouquetdalella.com\/fr\/wp-json\/wp\/v2\/product\/34895\/revisions\/36277"}],"wp:featuredmedia":[{"embeddable":true,"href":"https:\/\/www.bouquetdalella.com\/fr\/wp-json\/wp\/v2\/media\/34916"}],"wp:attachment":[{"href":"https:\/\/www.bouquetdalella.com\/fr\/wp-json\/wp\/v2\/media?parent=34895"}],"wp:term":[{"taxonomy":"product_brand","embeddable":true,"href":"https:\/\/www.bouquetdalella.com\/fr\/wp-json\/wp\/v2\/product_brand?post=34895"},{"taxonomy":"product_cat","embeddable":true,"href":"https:\/\/www.bouquetdalella.com\/fr\/wp-json\/wp\/v2\/product_cat?post=34895"},{"taxonomy":"product_tag","embeddable":true,"href":"https:\/\/www.bouquetdalella.com\/fr\/wp-json\/wp\/v2\/product_tag?post=34895"}],"curies":[{"name":"wp","href":"https:\/\/api.w.org\/{rel}","templated":true}]}}