{"id":9111,"date":"2020-09-23T17:40:18","date_gmt":"2020-09-23T15:40:18","guid":{"rendered":"https:\/\/www.bouquetdalella.com\/producte\/bouquet-dalella-ancestral-mataro-2022\/"},"modified":"2026-04-15T20:07:25","modified_gmt":"2026-04-15T18:07:25","slug":"bouquet-dalella-ancestral-mataro-2025","status":"publish","type":"product","link":"https:\/\/www.bouquetdalella.com\/fr\/produit\/bouquet-dalella-ancestral-mataro-2025\/","title":{"rendered":"Bouquet d\u2019Alella Ancestral Matar\u00f3 2025"},"content":{"rendered":"\t\t<div data-elementor-type=\"product-post\" data-elementor-id=\"9111\" class=\"elementor elementor-9111 elementor-6333\" data-elementor-post-type=\"product\">\n\t\t\t\t\t\t<section class=\"elementor-section elementor-top-section elementor-element elementor-element-3fd36c20 elementor-section-boxed elementor-section-height-default elementor-section-height-default\" data-id=\"3fd36c20\" data-element_type=\"section\" data-e-type=\"section\">\n\t\t\t\t\t\t<div class=\"elementor-container elementor-column-gap-default\">\n\t\t\t\t\t<div class=\"elementor-column elementor-col-100 elementor-top-column elementor-element elementor-element-23103167\" data-id=\"23103167\" data-element_type=\"column\" data-e-type=\"column\">\n\t\t\t<div class=\"elementor-widget-wrap elementor-element-populated\">\n\t\t\t\t\t\t<div class=\"elementor-element elementor-element-7b2ffd0 tab_zone elementor-tabs-view-horizontal elementor-widget elementor-widget-tabs\" data-id=\"7b2ffd0\" data-element_type=\"widget\" data-e-type=\"widget\" data-widget_type=\"tabs.default\">\n\t\t\t\t<div class=\"elementor-widget-container\">\n\t\t\t\t\t\t\t<div class=\"elementor-tabs\">\n\t\t\t<div class=\"elementor-tabs-wrapper\" role=\"tablist\" >\n\t\t\t\t\t\t\t\t\t<div id=\"elementor-tab-title-1291\" class=\"elementor-tab-title elementor-tab-desktop-title\" aria-selected=\"true\" data-tab=\"1\" role=\"tab\" tabindex=\"0\" aria-controls=\"elementor-tab-content-1291\" aria-expanded=\"false\">\u00c9laboration<\/div>\n\t\t\t\t\t\t\t\t\t<div id=\"elementor-tab-title-1292\" class=\"elementor-tab-title elementor-tab-desktop-title\" aria-selected=\"false\" data-tab=\"2\" role=\"tab\" tabindex=\"-1\" aria-controls=\"elementor-tab-content-1292\" aria-expanded=\"false\">Note de d\u00e9gustation<\/div>\n\t\t\t\t\t\t\t\t\t<div id=\"elementor-tab-title-1293\" class=\"elementor-tab-title elementor-tab-desktop-title\" aria-selected=\"false\" data-tab=\"3\" role=\"tab\" tabindex=\"-1\" aria-controls=\"elementor-tab-content-1293\" aria-expanded=\"false\">LIVRAISON GRATUITE + 60\u20ac<\/div>\n\t\t\t\t\t\t\t<\/div>\n\t\t\t<div class=\"elementor-tabs-content-wrapper\" role=\"tablist\" aria-orientation=\"vertical\">\n\t\t\t\t\t\t\t\t\t<div class=\"elementor-tab-title elementor-tab-mobile-title\" aria-selected=\"true\" data-tab=\"1\" role=\"tab\" tabindex=\"0\" aria-controls=\"elementor-tab-content-1291\" aria-expanded=\"false\">\u00c9laboration<\/div>\n\t\t\t\t\t<div id=\"elementor-tab-content-1291\" class=\"elementor-tab-content elementor-clearfix\" data-tab=\"1\" role=\"tabpanel\" aria-labelledby=\"elementor-tab-title-1291\" tabindex=\"0\" hidden=\"false\"><p>Vin biologique. Vendanges manuelles en caisses de 15 kg et s\u00e9lection rigoureuse des raisins \u00e0 la vigne. Les raisins sont ensuite r\u00e9frig\u00e9r\u00e9s en chambre froide pendant quelques heures pour obtenir des pr\u00e9curseurs aromatiques, puis d\u00e9rap\u00e9s et mac\u00e9r\u00e9s pendant 10 heures pour en extraire la couleur optimale, puis le mo\u00fbt est saign\u00e9 (le mo\u00fbt est \u00e9goutt\u00e9 pr\u00e9-gravit\u00e9), il devient d\u00e9cant\u00e9 statique et la fermentation alcoolique spontan\u00e9e commence avec des levures locales dans des cuves en acier inoxydable et avant la fin de la fermentation, elle est mise en bouteille de sorte qu&rsquo;elle se termine dans la bouteille o\u00f9 le carbone est g\u00e9n\u00e9r\u00e9 et aura un minimum de cinq mois de vieillissement avec ses lies. Enfin, il est d\u00e9gorg\u00e9 manuellement pour \u00e9liminer les s\u00e9diments et le bouchon final est plac\u00e9 pour la commercialisation.<\/p>\n<p><span style=\"letter-spacing: 0.01px;\">Vin ros\u00e9 petillant fait avec 100% de Monastrell. La production est limit\u00e9e, 2.124&nbsp;bouteilles. Et sa teneur en alcool est de 11% vol.<\/span><\/p><\/div>\n\t\t\t\t\t\t\t\t\t<div class=\"elementor-tab-title elementor-tab-mobile-title\" aria-selected=\"false\" data-tab=\"2\" role=\"tab\" tabindex=\"-1\" aria-controls=\"elementor-tab-content-1292\" aria-expanded=\"false\">Note de d\u00e9gustation<\/div>\n\t\t\t\t\t<div id=\"elementor-tab-content-1292\" class=\"elementor-tab-content elementor-clearfix\" data-tab=\"2\" role=\"tabpanel\" aria-labelledby=\"elementor-tab-title-1292\" tabindex=\"0\" hidden=\"hidden\"><p style=\"text-align: left;\"><em><b>La vue:<\/b><\/em> il est propre, brillant et rouge. Bulle petite et rapide.\u00a0<\/p><p style=\"text-align: left;\"><em><b>L&rsquo;odorat<\/b>:<\/em> on retrouve des ar\u00f4mes de griotte, de fraise frais et de roses rouges.<\/p><p style=\"text-align: left;\"><em><b>Le go\u00fbt:<\/b><\/em> il est frais, direct et acide, avec une belle bulle.<\/p><p style=\"text-align: left;\"><em><b>Associez bien avec <\/b><\/em> fromages \u00e0 p\u00e2te molle, collations. Nous vous recommandons de le servir \u00e0 environ 7 \u00b0C<\/p><\/div>\n\t\t\t\t\t\t\t\t\t<div class=\"elementor-tab-title elementor-tab-mobile-title\" aria-selected=\"false\" data-tab=\"3\" role=\"tab\" tabindex=\"-1\" aria-controls=\"elementor-tab-content-1293\" aria-expanded=\"false\">LIVRAISON GRATUITE + 60\u20ac<\/div>\n\t\t\t\t\t<div id=\"elementor-tab-content-1293\" class=\"elementor-tab-content elementor-clearfix\" data-tab=\"3\" role=\"tabpanel\" aria-labelledby=\"elementor-tab-title-1293\" tabindex=\"0\" hidden=\"hidden\"><p><strong>LIVRAISON GRATUITE<\/strong><\/p><ul><li style=\"font-weight: 400;\" aria-level=\"1\"><span style=\"font-weight: 400;\">Si votre commande est pass\u00e9e dans le p\u00e9rim\u00e8tre national et d\u00e9passe 60 euros (TVA incluse) vous b\u00e9n\u00e9ficierez de la livraison gratuite. Il n&rsquo;inclut pas l&rsquo;ext\u00e9rieur de la p\u00e9ninsule.\u00a0<\/span><\/li><\/ul><p><strong>D\u00c9LAI DE LIVRAISON ET FRAIS D&rsquo;EXP\u00c9DITION<\/strong><\/p><ul><li style=\"font-weight: 400;\" aria-level=\"1\"><span style=\"font-weight: 400;\">Une fois la commande pass\u00e9e et accept\u00e9e, le d\u00e9lai de livraison sera de 2 \u00e0 4 jours ouvr\u00e9s \u00e0 compter du r\u00e8glement de l&rsquo;achat.<\/span><\/li><li style=\"font-weight: 400;\" aria-level=\"1\"><span style=\"font-weight: 400;\">Les commandes sont envoy\u00e9es via un service de messagerie.<\/span><\/li><li style=\"font-weight: 400;\" aria-level=\"1\"><span style=\"font-weight: 400;\">La livraison sera effectu\u00e9e \u00e0 l&rsquo;adresse indiqu\u00e9e lors du processus de commande.<\/span><\/li><\/ul><\/div>\n\t\t\t\t\t\t\t<\/div>\n\t\t<\/div>\n\t\t\t\t\t\t<\/div>\n\t\t\t\t<\/div>\n\t\t\t\t\t<\/div>\n\t\t<\/div>\n\t\t\t\t\t<\/div>\n\t\t<\/section>\n\t\t\t\t<\/div>\n\t\t","protected":false},"excerpt":{"rendered":"<p>Vin p\u00e9tillant ros\u00e9 de Matar\u00f3 (ou Monastrell) fabriqu\u00e9 selon m\u00e9thode ancestrale. Avec une petite bulle rapide, cela encourage les plus somnolents et attire les plus curieux. Soit seul ou avec des ap\u00e9ritifs, la bouteille est toujours termin\u00e9e trop t\u00f4t. Production limit\u00e9e de 2.124 bouteilles.<\/p>\n<p>&nbsp;<\/p>\n","protected":false},"featured_media":1762,"template":"","meta":[],"product_brand":[],"product_cat":[],"product_tag":[351],"class_list":{"0":"post-9111","1":"product","2":"type-product","3":"status-publish","4":"has-post-thumbnail","6":"product_tag-vins-fr","8":"first","9":"instock","10":"taxable","11":"shipping-taxable","12":"purchasable","13":"product-type-simple"},"yoast_head":"<!-- This site is optimized with the Yoast SEO plugin v27.5 - https:\/\/yoast.com\/product\/yoast-seo-wordpress\/ -->\n<title>Bouquet d\u2019Alella Ancestral Matar\u00f3 2025 - Bouquet d&#039;Alella<\/title>\n<meta name=\"description\" content=\"Vin p\u00e9tillant ros\u00e9 de Matar\u00f3 (ou Monastrell) fabriqu\u00e9 selon m\u00e9thode ancestrale. Avec une petite bulle rapide, cela encourage les plus somnolents et attire les plus curieux. Soit seul ou avec des ap\u00e9ritifs, la bouteille est toujours termin\u00e9e trop t\u00f4t. Production limit\u00e9e de 2.124 bouteilles.\" \/>\n<meta name=\"robots\" content=\"index, follow, max-snippet:-1, max-image-preview:large, max-video-preview:-1\" \/>\n<link rel=\"canonical\" href=\"https:\/\/www.bouquetdalella.com\/fr\/produit\/bouquet-dalella-ancestral-mataro-2025\/\" \/>\n<meta property=\"og:locale\" content=\"fr_FR\" \/>\n<meta property=\"og:type\" content=\"article\" \/>\n<meta property=\"og:title\" content=\"Bouquet d\u2019Alella Ancestral Matar\u00f3 2025 - Bouquet d&#039;Alella\" \/>\n<meta property=\"og:description\" content=\"Vin p\u00e9tillant ros\u00e9 de Matar\u00f3 (ou Monastrell) fabriqu\u00e9 selon m\u00e9thode ancestrale. Avec une petite bulle rapide, cela encourage les plus somnolents et attire les plus curieux. Soit seul ou avec des ap\u00e9ritifs, la bouteille est toujours termin\u00e9e trop t\u00f4t. Production limit\u00e9e de 2.124 bouteilles.\" \/>\n<meta property=\"og:url\" content=\"https:\/\/www.bouquetdalella.com\/fr\/produit\/bouquet-dalella-ancestral-mataro-2025\/\" \/>\n<meta property=\"og:site_name\" content=\"Bouquet d&#039;Alella\" \/>\n<meta property=\"article:modified_time\" content=\"2026-04-15T18:07:25+00:00\" \/>\n<meta property=\"og:image\" content=\"https:\/\/www.bouquetdalella.com\/wp-content\/uploads\/2023\/04\/Mataro-Ancestral-1.png\" \/>\n\t<meta property=\"og:image:width\" content=\"1600\" \/>\n\t<meta property=\"og:image:height\" content=\"1600\" \/>\n\t<meta property=\"og:image:type\" content=\"image\/png\" \/>\n<meta name=\"twitter:card\" content=\"summary_large_image\" \/>\n<script type=\"application\/ld+json\" class=\"yoast-schema-graph\">{\"@context\":\"https:\\\/\\\/schema.org\",\"@graph\":[{\"@type\":\"WebPage\",\"@id\":\"https:\\\/\\\/www.bouquetdalella.com\\\/fr\\\/produit\\\/bouquet-dalella-ancestral-mataro-2025\\\/\",\"url\":\"https:\\\/\\\/www.bouquetdalella.com\\\/fr\\\/produit\\\/bouquet-dalella-ancestral-mataro-2025\\\/\",\"name\":\"Bouquet d\u2019Alella Ancestral Matar\u00f3 2025 - Bouquet d&#039;Alella\",\"isPartOf\":{\"@id\":\"https:\\\/\\\/www.bouquetdalella.com\\\/fr\\\/#website\"},\"primaryImageOfPage\":{\"@id\":\"https:\\\/\\\/www.bouquetdalella.com\\\/fr\\\/produit\\\/bouquet-dalella-ancestral-mataro-2025\\\/#primaryimage\"},\"image\":{\"@id\":\"https:\\\/\\\/www.bouquetdalella.com\\\/fr\\\/produit\\\/bouquet-dalella-ancestral-mataro-2025\\\/#primaryimage\"},\"thumbnailUrl\":\"https:\\\/\\\/www.bouquetdalella.com\\\/wp-content\\\/uploads\\\/2023\\\/04\\\/Mataro-Ancestral-1.png\",\"datePublished\":\"2020-09-23T15:40:18+00:00\",\"dateModified\":\"2026-04-15T18:07:25+00:00\",\"description\":\"Vin p\u00e9tillant ros\u00e9 de Matar\u00f3 (ou Monastrell) fabriqu\u00e9 selon m\u00e9thode ancestrale. Avec une petite bulle rapide, cela encourage les plus somnolents et attire les plus curieux. Soit seul ou avec des ap\u00e9ritifs, la bouteille est toujours termin\u00e9e trop t\u00f4t. Production limit\u00e9e de 2.124 bouteilles.\",\"breadcrumb\":{\"@id\":\"https:\\\/\\\/www.bouquetdalella.com\\\/fr\\\/produit\\\/bouquet-dalella-ancestral-mataro-2025\\\/#breadcrumb\"},\"inLanguage\":\"fr-FR\",\"potentialAction\":[{\"@type\":\"ReadAction\",\"target\":[\"https:\\\/\\\/www.bouquetdalella.com\\\/fr\\\/produit\\\/bouquet-dalella-ancestral-mataro-2025\\\/\"]}]},{\"@type\":\"ImageObject\",\"inLanguage\":\"fr-FR\",\"@id\":\"https:\\\/\\\/www.bouquetdalella.com\\\/fr\\\/produit\\\/bouquet-dalella-ancestral-mataro-2025\\\/#primaryimage\",\"url\":\"https:\\\/\\\/www.bouquetdalella.com\\\/wp-content\\\/uploads\\\/2023\\\/04\\\/Mataro-Ancestral-1.png\",\"contentUrl\":\"https:\\\/\\\/www.bouquetdalella.com\\\/wp-content\\\/uploads\\\/2023\\\/04\\\/Mataro-Ancestral-1.png\",\"width\":1600,\"height\":1600},{\"@type\":\"BreadcrumbList\",\"@id\":\"https:\\\/\\\/www.bouquetdalella.com\\\/fr\\\/produit\\\/bouquet-dalella-ancestral-mataro-2025\\\/#breadcrumb\",\"itemListElement\":[{\"@type\":\"ListItem\",\"position\":1,\"name\":\"Inici\",\"item\":\"https:\\\/\\\/www.bouquetdalella.com\\\/fr\\\/\"},{\"@type\":\"ListItem\",\"position\":2,\"name\":\"Boutique\",\"item\":\"https:\\\/\\\/www.bouquetdalella.com\\\/fr\\\/boutique\\\/\"},{\"@type\":\"ListItem\",\"position\":3,\"name\":\"Bouquet d\u2019Alella Ancestral Matar\u00f3 2025\"}]},{\"@type\":\"WebSite\",\"@id\":\"https:\\\/\\\/www.bouquetdalella.com\\\/fr\\\/#website\",\"url\":\"https:\\\/\\\/www.bouquetdalella.com\\\/fr\\\/\",\"name\":\"Bouquet d&#039;Alella\",\"description\":\"El Celler Bouquet d\u2019Alella neix amb la clara intenci\u00f3 d\u2019explotar dues vessants diferents per\u00f2 complement\u00e0ries en el mon del vi. Per una banda, la producci\u00f3n i venda de vins ecol\u00f2gics de qualitat i per l\u2019altra la promoci\u00f3 de l\u2019enoturisme.\",\"publisher\":{\"@id\":\"https:\\\/\\\/www.bouquetdalella.com\\\/fr\\\/#organization\"},\"potentialAction\":[{\"@type\":\"SearchAction\",\"target\":{\"@type\":\"EntryPoint\",\"urlTemplate\":\"https:\\\/\\\/www.bouquetdalella.com\\\/fr\\\/?s={search_term_string}\"},\"query-input\":{\"@type\":\"PropertyValueSpecification\",\"valueRequired\":true,\"valueName\":\"search_term_string\"}}],\"inLanguage\":\"fr-FR\"},{\"@type\":\"Organization\",\"@id\":\"https:\\\/\\\/www.bouquetdalella.com\\\/fr\\\/#organization\",\"name\":\"Bouquet d&#039;Alella\",\"url\":\"https:\\\/\\\/www.bouquetdalella.com\\\/fr\\\/\",\"logo\":{\"@type\":\"ImageObject\",\"inLanguage\":\"fr-FR\",\"@id\":\"https:\\\/\\\/www.bouquetdalella.com\\\/fr\\\/#\\\/schema\\\/logo\\\/image\\\/\",\"url\":\"https:\\\/\\\/www.bouquetdalella.com\\\/wp-content\\\/uploads\\\/2023\\\/04\\\/cropped-cropped-cropped-logo_bouquet_d_alella-2-300x53-1.png\",\"contentUrl\":\"https:\\\/\\\/www.bouquetdalella.com\\\/wp-content\\\/uploads\\\/2023\\\/04\\\/cropped-cropped-cropped-logo_bouquet_d_alella-2-300x53-1.png\",\"width\":300,\"height\":52,\"caption\":\"Bouquet d&#039;Alella\"},\"image\":{\"@id\":\"https:\\\/\\\/www.bouquetdalella.com\\\/fr\\\/#\\\/schema\\\/logo\\\/image\\\/\"}}]}<\/script>\n<!-- \/ Yoast SEO plugin. -->","yoast_head_json":{"title":"Bouquet d\u2019Alella Ancestral Matar\u00f3 2025 - Bouquet d&#039;Alella","description":"Vin p\u00e9tillant ros\u00e9 de Matar\u00f3 (ou Monastrell) fabriqu\u00e9 selon m\u00e9thode ancestrale. Avec une petite bulle rapide, cela encourage les plus somnolents et attire les plus curieux. Soit seul ou avec des ap\u00e9ritifs, la bouteille est toujours termin\u00e9e trop t\u00f4t. Production limit\u00e9e de 2.124 bouteilles.","robots":{"index":"index","follow":"follow","max-snippet":"max-snippet:-1","max-image-preview":"max-image-preview:large","max-video-preview":"max-video-preview:-1"},"canonical":"https:\/\/www.bouquetdalella.com\/fr\/produit\/bouquet-dalella-ancestral-mataro-2025\/","og_locale":"fr_FR","og_type":"article","og_title":"Bouquet d\u2019Alella Ancestral Matar\u00f3 2025 - Bouquet d&#039;Alella","og_description":"Vin p\u00e9tillant ros\u00e9 de Matar\u00f3 (ou Monastrell) fabriqu\u00e9 selon m\u00e9thode ancestrale. Avec une petite bulle rapide, cela encourage les plus somnolents et attire les plus curieux. Soit seul ou avec des ap\u00e9ritifs, la bouteille est toujours termin\u00e9e trop t\u00f4t. Production limit\u00e9e de 2.124 bouteilles.","og_url":"https:\/\/www.bouquetdalella.com\/fr\/produit\/bouquet-dalella-ancestral-mataro-2025\/","og_site_name":"Bouquet d&#039;Alella","article_modified_time":"2026-04-15T18:07:25+00:00","og_image":[{"width":1600,"height":1600,"url":"https:\/\/www.bouquetdalella.com\/wp-content\/uploads\/2023\/04\/Mataro-Ancestral-1.png","type":"image\/png"}],"twitter_card":"summary_large_image","schema":{"@context":"https:\/\/schema.org","@graph":[{"@type":"WebPage","@id":"https:\/\/www.bouquetdalella.com\/fr\/produit\/bouquet-dalella-ancestral-mataro-2025\/","url":"https:\/\/www.bouquetdalella.com\/fr\/produit\/bouquet-dalella-ancestral-mataro-2025\/","name":"Bouquet d\u2019Alella Ancestral Matar\u00f3 2025 - Bouquet d&#039;Alella","isPartOf":{"@id":"https:\/\/www.bouquetdalella.com\/fr\/#website"},"primaryImageOfPage":{"@id":"https:\/\/www.bouquetdalella.com\/fr\/produit\/bouquet-dalella-ancestral-mataro-2025\/#primaryimage"},"image":{"@id":"https:\/\/www.bouquetdalella.com\/fr\/produit\/bouquet-dalella-ancestral-mataro-2025\/#primaryimage"},"thumbnailUrl":"https:\/\/www.bouquetdalella.com\/wp-content\/uploads\/2023\/04\/Mataro-Ancestral-1.png","datePublished":"2020-09-23T15:40:18+00:00","dateModified":"2026-04-15T18:07:25+00:00","description":"Vin p\u00e9tillant ros\u00e9 de Matar\u00f3 (ou Monastrell) fabriqu\u00e9 selon m\u00e9thode ancestrale. Avec une petite bulle rapide, cela encourage les plus somnolents et attire les plus curieux. Soit seul ou avec des ap\u00e9ritifs, la bouteille est toujours termin\u00e9e trop t\u00f4t. Production limit\u00e9e de 2.124 bouteilles.","breadcrumb":{"@id":"https:\/\/www.bouquetdalella.com\/fr\/produit\/bouquet-dalella-ancestral-mataro-2025\/#breadcrumb"},"inLanguage":"fr-FR","potentialAction":[{"@type":"ReadAction","target":["https:\/\/www.bouquetdalella.com\/fr\/produit\/bouquet-dalella-ancestral-mataro-2025\/"]}]},{"@type":"ImageObject","inLanguage":"fr-FR","@id":"https:\/\/www.bouquetdalella.com\/fr\/produit\/bouquet-dalella-ancestral-mataro-2025\/#primaryimage","url":"https:\/\/www.bouquetdalella.com\/wp-content\/uploads\/2023\/04\/Mataro-Ancestral-1.png","contentUrl":"https:\/\/www.bouquetdalella.com\/wp-content\/uploads\/2023\/04\/Mataro-Ancestral-1.png","width":1600,"height":1600},{"@type":"BreadcrumbList","@id":"https:\/\/www.bouquetdalella.com\/fr\/produit\/bouquet-dalella-ancestral-mataro-2025\/#breadcrumb","itemListElement":[{"@type":"ListItem","position":1,"name":"Inici","item":"https:\/\/www.bouquetdalella.com\/fr\/"},{"@type":"ListItem","position":2,"name":"Boutique","item":"https:\/\/www.bouquetdalella.com\/fr\/boutique\/"},{"@type":"ListItem","position":3,"name":"Bouquet d\u2019Alella Ancestral Matar\u00f3 2025"}]},{"@type":"WebSite","@id":"https:\/\/www.bouquetdalella.com\/fr\/#website","url":"https:\/\/www.bouquetdalella.com\/fr\/","name":"Bouquet d&#039;Alella","description":"El Celler Bouquet d\u2019Alella neix amb la clara intenci\u00f3 d\u2019explotar dues vessants diferents per\u00f2 complement\u00e0ries en el mon del vi. Per una banda, la producci\u00f3n i venda de vins ecol\u00f2gics de qualitat i per l\u2019altra la promoci\u00f3 de l\u2019enoturisme.","publisher":{"@id":"https:\/\/www.bouquetdalella.com\/fr\/#organization"},"potentialAction":[{"@type":"SearchAction","target":{"@type":"EntryPoint","urlTemplate":"https:\/\/www.bouquetdalella.com\/fr\/?s={search_term_string}"},"query-input":{"@type":"PropertyValueSpecification","valueRequired":true,"valueName":"search_term_string"}}],"inLanguage":"fr-FR"},{"@type":"Organization","@id":"https:\/\/www.bouquetdalella.com\/fr\/#organization","name":"Bouquet d&#039;Alella","url":"https:\/\/www.bouquetdalella.com\/fr\/","logo":{"@type":"ImageObject","inLanguage":"fr-FR","@id":"https:\/\/www.bouquetdalella.com\/fr\/#\/schema\/logo\/image\/","url":"https:\/\/www.bouquetdalella.com\/wp-content\/uploads\/2023\/04\/cropped-cropped-cropped-logo_bouquet_d_alella-2-300x53-1.png","contentUrl":"https:\/\/www.bouquetdalella.com\/wp-content\/uploads\/2023\/04\/cropped-cropped-cropped-logo_bouquet_d_alella-2-300x53-1.png","width":300,"height":52,"caption":"Bouquet d&#039;Alella"},"image":{"@id":"https:\/\/www.bouquetdalella.com\/fr\/#\/schema\/logo\/image\/"}}]}},"_links":{"self":[{"href":"https:\/\/www.bouquetdalella.com\/fr\/wp-json\/wp\/v2\/product\/9111","targetHints":{"allow":["GET"]}}],"collection":[{"href":"https:\/\/www.bouquetdalella.com\/fr\/wp-json\/wp\/v2\/product"}],"about":[{"href":"https:\/\/www.bouquetdalella.com\/fr\/wp-json\/wp\/v2\/types\/product"}],"version-history":[{"count":5,"href":"https:\/\/www.bouquetdalella.com\/fr\/wp-json\/wp\/v2\/product\/9111\/revisions"}],"predecessor-version":[{"id":37301,"href":"https:\/\/www.bouquetdalella.com\/fr\/wp-json\/wp\/v2\/product\/9111\/revisions\/37301"}],"wp:featuredmedia":[{"embeddable":true,"href":"https:\/\/www.bouquetdalella.com\/fr\/wp-json\/wp\/v2\/media\/1762"}],"wp:attachment":[{"href":"https:\/\/www.bouquetdalella.com\/fr\/wp-json\/wp\/v2\/media?parent=9111"}],"wp:term":[{"taxonomy":"product_brand","embeddable":true,"href":"https:\/\/www.bouquetdalella.com\/fr\/wp-json\/wp\/v2\/product_brand?post=9111"},{"taxonomy":"product_cat","embeddable":true,"href":"https:\/\/www.bouquetdalella.com\/fr\/wp-json\/wp\/v2\/product_cat?post=9111"},{"taxonomy":"product_tag","embeddable":true,"href":"https:\/\/www.bouquetdalella.com\/fr\/wp-json\/wp\/v2\/product_tag?post=9111"}],"curies":[{"name":"wp","href":"https:\/\/api.w.org\/{rel}","templated":true}]}}